{"id":70,"date":"2020-11-16T21:14:02","date_gmt":"2020-11-16T20:14:02","guid":{"rendered":"http:\/\/ds.sciencespo-lille.eu\/?page_id=70"},"modified":"2026-02-17T16:56:10","modified_gmt":"2026-02-17T15:56:10","slug":"temoignages-detudiants-et-etudiantes","status":"publish","type":"page","link":"https:\/\/pes.sciencespo-lille.eu\/index.php\/temoignages-detudiants-et-etudiantes\/","title":{"rendered":"T\u00e9moignages d&rsquo;\u00e9tudiantes et \u00e9tudiants"},"content":{"rendered":"\n<h2 class=\"wp-block-heading\">La majeure PES vue par ses ambassadeur.ice.s<\/h2>\n\n\n\n<p>Retrouvez encore plus de t\u00e9moignages sur le <a href=\"https:\/\/www.instagram.com\/pes_sciencespolille\/\">compte instagram de la classe<\/a>.<\/p>\n\n\n\n<figure class=\"wp-block-video\"><video controls src=\"https:\/\/pes.sciencespo-lille.eu\/wp-content\/uploads\/2023\/12\/Vide\u0301o-PES-finale.mp4\"><\/video><\/figure>\n\n\n\n<div style=\"height:1px\" aria-hidden=\"true\" class=\"wp-block-spacer\"><\/div>\n\n\n\n<hr class=\"wp-block-separator has-css-opacity is-style-wide\"\/>\n\n\n\n<h2 class=\"wp-block-heading\">Quelques m\u00e9moires et rapports d&rsquo;expertise<\/h2>\n\n\n\n<p class=\"has-medium-font-size\"><strong>Josselin Catarina<\/strong>, rapport d&rsquo;expertise pour une association de chantiers nature<\/p>\n\n\n\n<blockquote class=\"wp-block-quote is-layout-flow wp-block-quote-is-layout-flow\">\n<p>\u00ab Dans le cadre de ma recherche, j\u2019ai eu l\u2019opportunit\u00e9 d\u2019\u00e9crire pour l\u2019association \u00ab <a href=\"https:\/\/www.lesblongios.fr\/\">Les Blongios<\/a> \u00bb un rapport d\u2019expertise. L\u2019association organise des chantiers nature en coop\u00e9ration avec les pouvoirs publics afin de favoriser la biodiversit\u00e9 dans des parcs type Citadelle ou m\u00eame parcs naturels r\u00e9gionaux. Sur le terrain, en plus de bien s\u00fbr collecter des donn\u00e9es pour mon rapport, j\u2019ai appris beaucoup sur la biodiversit\u00e9 et sur la gestion concr\u00e8te d\u2019espaces naturels. J\u2019ai aussi pass\u00e9 des moments privil\u00e9gi\u00e9s dans la nature, loin de la ville, avec des personnes d\u2019horizons divers. J\u2019en ai d\u2019ailleurs profit\u00e9 pour inviter mes camarades de master sur un chantier pour une journ\u00e9e ! \u00c9crire ce rapport pour cette association m&rsquo;a fait d\u00e9couvrir des gens bienveillants, tout en me professionnalisant dans le cadre de la recherche. J\u2019en suis tr\u00e8s content! \u00bb<\/p>\n<\/blockquote>\n\n\n\n<p class=\"has-medium-font-size\"><strong>Romain Legros<\/strong>, m\u00e9moire sur la politique de gratuit\u00e9 des transports publics \u00e0 Dunkerque<\/p>\n\n\n\n<blockquote class=\"wp-block-quote is-layout-flow wp-block-quote-is-layout-flow\">\n<p>\u00ab Ce travail d\u2019environ 80 pages fut pour moi un projet particuli\u00e8rement passionnant. Si j\u2019ai abord\u00e9 dans un premier temps la question de la gratuit\u00e9 des transports en commun \u00e0 Dunkerque exclusivement sur son aspect report modal (en l\u2019occurrence ici sur le fait pour les habitants d\u2019abandonner l\u2019usage de leur voiture au profit des bus gratuits), je n\u2019ai pu que constater combien les implications d\u2019une telle mesure d\u00e9passaient grandement cet aspect. \u00bb<\/p>\n<cite>Voir le t\u00e9moignage complet de Romain sur l&rsquo;<a href=\"http:\/\/www.obs-transport-gratuit.fr\/blog\/un-memoire-sur-la-gratuite-des-transports-publics-a-dunkerque-billet-410.html\">Observatoire des villes du transport gratuit<\/a><\/cite><\/blockquote>\n\n\n\n<hr class=\"wp-block-separator has-css-opacity is-style-wide\"\/>\n\n\n\n<div style=\"height:20px\" aria-hidden=\"true\" class=\"wp-block-spacer\"><\/div>\n\n\n\n<h2 class=\"wp-block-heading\">\u00catre en master PES<\/h2>\n\n\n\n<p style=\"font-size:18px\"><strong>In\u00e8s Magouri<\/strong>, promotion 2022 (Alan Turing)<\/p>\n\n\n\n<p><strong>Pourquoi avez-vous choisi cette majeure ?<\/strong><\/p>\n\n\n\n<blockquote class=\"wp-block-quote is-layout-flow wp-block-quote-is-layout-flow\">\n<p>\u00ab\u00a0Il ne me parait pas possible de penser notre domination sur le vivant non humain et la toxicit\u00e9 de nos \u00e9conomies sans penser l\u2019\u00e9mancipation des \u00eatres humains. Travailler \u00e0 l\u2019accompagnement vers l\u2019autonomie c\u2019est aussi travailler \u00e0 des modes de vie soutenables et donc faire de l\u2019\u00e9cologie politique vers un profond changement social.\u00a0\u00bb<\/p>\n<\/blockquote>\n\n\n\n<p><strong>Qu&rsquo;est-ce qui vous pla\u00eet le plus ? <\/strong><\/p>\n\n\n\n<blockquote class=\"wp-block-quote is-layout-flow wp-block-quote-is-layout-flow\">\n<p>\u00ab\u00a0Chaque membre de la classe trouve, dans les cours, de la mati\u00e8re pour nourrir ses projets, alors m\u00eame qu\u2019ils sont tous tr\u00e8s diff\u00e9rents. Les probl\u00e9matiques de soutenabilit\u00e9s sont diffuses dans tellement de domaines que la formation nous permet de c\u00f4toyer des camarades aux profils h\u00e9t\u00e9roclites.\u00a0\u00bb<\/p>\n<\/blockquote>\n\n\n\n<p><strong>Qu&rsquo;est-ce que cette formation vous a apport\u00e9 ? <\/strong><\/p>\n\n\n\n<blockquote class=\"wp-block-quote is-layout-flow wp-block-quote-is-layout-flow\">\n<p>\u00ab\u00a0Elle m\u2019a apport\u00e9 des outils, \u00e0 la fois th\u00e9oriques et pratiques, qui me permettent d\u2019agir concr\u00e8tement en \u00e9tant consciente des enjeux de soutenabilit\u00e9 qui traversent les situations (in\u00e9galit\u00e9s sociales, pr\u00e9servation d\u2019\u00e9cosyst\u00e8me, acc\u00e8s aux droits, justice environnementale etc.).\u00a0\u00bb<\/p>\n<\/blockquote>\n\n\n\n<hr class=\"wp-block-separator has-text-color has-css-opacity has-background is-style-wide\" style=\"background-color:#e6e6e6;color:#e6e6e6\"\/>\n\n\n\n<div style=\"height:30px\" aria-hidden=\"true\" class=\"wp-block-spacer\"><\/div>\n\n\n\n<p style=\"font-size:18px\"><strong>Lou Kubiak<\/strong>, promotion 2022 (Alan Turing)<\/p>\n\n\n\n<p><strong>Pourquoi avez-vous choisi cette majeure ? <\/strong><\/p>\n\n\n\n<blockquote class=\"wp-block-quote is-layout-flow wp-block-quote-is-layout-flow\">\n<p>\u00ab\u00a0Je souhaitais acqu\u00e9rir les savoirs n\u00e9cessaires pour lutter contre le climato scepticisme et l&rsquo;ignorance d\u00e9lib\u00e9r\u00e9e des pouvoirs publics au regard de la protection de l&rsquo;environnement.\u00a0\u00bb<\/p>\n<\/blockquote>\n\n\n\n<p><strong>Qu&rsquo;est-ce qui vous pla\u00eet le plus ? <\/strong><\/p>\n\n\n\n<blockquote class=\"wp-block-quote is-layout-flow wp-block-quote-is-layout-flow\">\n<p>\u00ab\u00a0Les cours d&rsquo;enjeux du droit de l&rsquo;environnement et d&rsquo;\u00e9conomie nous permettent de comprendre vraiment les failles dans la qu\u00eate de durabilit\u00e9. Il est important de d\u00e9celer le double langage des conventions internationales par exemple.\u00a0\u00bb<\/p>\n<\/blockquote>\n\n\n\n<p><strong>Qu&rsquo;est-ce que cette formation vous a apport\u00e9 ? <\/strong><\/p>\n\n\n\n<blockquote class=\"wp-block-quote is-layout-flow wp-block-quote-is-layout-flow\">\n<p>\u00ab\u00a0Cette formation m&rsquo;a appris \u00e0 \u00eatre beaucoup plus critique de la fa\u00e7on dont sont (non) r\u00e9gl\u00e9s les probl\u00e8mes environnementaux\u2026 mais \u00e0 quand m\u00eame garder espoir.\u00a0\u00bb<\/p>\n<\/blockquote>\n\n\n\n<hr class=\"wp-block-separator has-text-color has-css-opacity has-background is-style-wide\" style=\"background-color:#e6e6e6;color:#e6e6e6\"\/>\n\n\n\n<div style=\"height:30px\" aria-hidden=\"true\" class=\"wp-block-spacer\"><\/div>\n\n\n\n<p style=\"font-size:18px\"><strong>Zo\u00e9 P\u00e9l\u00e9gry<\/strong>, promotion 2022 (Alan Turing)<\/p>\n\n\n\n<p><strong>Pourquoi avez-vous choisi cette majeure ? <\/strong><\/p>\n\n\n\n<blockquote class=\"wp-block-quote is-layout-flow wp-block-quote-is-layout-flow\">\n<p>\u00ab\u00a0J\u2019ai choisi la majeure D\u00e9veloppement Soutenable parce que je veux travailler pour la d\u00e9fense de l\u2019environnement, de la biodiversit\u00e9, et pour construire un avenir soutenable et plus \u00e9quitable.\u00a0\u00bb<\/p>\n<\/blockquote>\n\n\n\n<p><strong>Qu&rsquo;est-ce qui vous pla\u00eet le plus ? <\/strong><\/p>\n\n\n\n<blockquote class=\"wp-block-quote is-layout-flow wp-block-quote-is-layout-flow\">\n<p>\u00ab\u00a0Les cours de cette formation sont enrichissants, ils m\u2019apprennent beaucoup et m\u2019aident \u00e0 structurer mes convictions personnelles et ma vision de l\u2019avenir.\u00a0\u00bb<\/p>\n<\/blockquote>\n\n\n\n<p><strong>Qu&rsquo;est-ce que cette formation vous a apport\u00e9 ? <\/strong><\/p>\n\n\n\n<blockquote class=\"wp-block-quote is-layout-flow wp-block-quote-is-layout-flow\">\n<p>\u00ab\u00a0Cette formation m\u2019a permis de rencontrer des personnes curieuses et enrichissantes par leur diversit\u00e9, j\u2019ai pu mettre un premier pas dans le monde professionnel gr\u00e2ce \u00e0 ces rencontres, \u00e0 mes cours et \u00e0 mon m\u00e9moire.\u00a0\u00bb<\/p>\n<\/blockquote>\n\n\n\n<hr class=\"wp-block-separator has-text-color has-css-opacity has-background is-style-wide\" style=\"background-color:#e6e6e6;color:#e6e6e6\"\/>\n\n\n\n<div style=\"height:30px\" aria-hidden=\"true\" class=\"wp-block-spacer\"><\/div>\n\n\n\n<p style=\"font-size:18px\"><strong>Eva Renaud<\/strong>, promotion 2022 (Alan Turing)<\/p>\n\n\n\n<p><strong>Pourquoi avez-vous choisi cette majeure ? <\/strong><\/p>\n\n\n\n<blockquote class=\"wp-block-quote is-layout-flow wp-block-quote-is-layout-flow\">\n<p>\u00ab\u00a0J\u2019ai choisi cette majeure parce que je souhaite travailler sur les questions environnementales, et influencer les d\u00e9cisions publiques vers la prise en consid\u00e9ration des facteurs durables. Le master PES me permet d\u2019\u00e9tudier les mati\u00e8res relativement classiques \u00e0 l\u2019IEP comme le droit, l\u2019\u00e9conomie, la sociologie mais sous un prisme environnemental.\u00a0\u00bb<\/p>\n<\/blockquote>\n\n\n\n<p><strong>Qu&rsquo;est-ce qui vous pla\u00eet le plus ? <\/strong><\/p>\n\n\n\n<blockquote class=\"wp-block-quote is-layout-flow wp-block-quote-is-layout-flow\">\n<p>\u00ab\u00a0Ce qui me pla\u00eet le plus c\u2019est que le master est enti\u00e8rement orient\u00e9 vers les questions environnementales. C\u2019est la premi\u00e8re fois depuis le d\u00e9but de mon entr\u00e9e en \u00e9tude sup\u00e9rieure o\u00f9 le sujet de l\u2019environnement n\u2019est pas qu\u2019un chapitre, ou un facteur \u00e0 \u00e9voquer, mais englobe totalement les sujets et mati\u00e8res \u00e9tudi\u00e9s.\u00a0\u00bb<\/p>\n<\/blockquote>\n\n\n\n<p><strong>Qu&rsquo;est-ce que cette formation vous a apport\u00e9 ? <\/strong><\/p>\n\n\n\n<blockquote class=\"wp-block-quote is-layout-flow wp-block-quote-is-layout-flow\">\n<p>\u00ab\u00a0Cette formation m\u2019a permis d\u2019\u00e9tudier r\u00e9ellement ce qui touche au traitement politique de la r\u00e9alit\u00e9 \u00e9cologique. A l\u2019heure o\u00f9 la question environnementale semble prendre de plus en plus d\u2019importance, on s\u2019aper\u00e7oit en r\u00e9alit\u00e9 que le sujet est loin d\u2019\u00eatre nouveau. Les outils acquis dans cette formation permettent de mettre en perspective toutes ces questions, ils arment pour penser les enjeux auxquels nous sommes actuellement confront\u00e9.e.s dans une perspective durable.\u00a0\u00bb<\/p>\n<\/blockquote>\n\n\n\n<hr class=\"wp-block-separator has-text-color has-css-opacity has-background is-style-wide\" style=\"background-color:#e6e6e6;color:#e6e6e6\"\/>\n\n\n\n<div style=\"height:36px\" aria-hidden=\"true\" class=\"wp-block-spacer\"><\/div>\n\n\n\n<p style=\"font-size:18px\"><strong>Maud Rebibou<\/strong>, promotion 2021 (Nina Simone)<\/p>\n\n\n\n<p><strong>Pourquoi avez-vous choisi cette majeure ?<\/strong><\/p>\n\n\n\n<blockquote class=\"wp-block-quote is-layout-flow wp-block-quote-is-layout-flow\">\n<p>\u00ab\u00a0J&rsquo;ai choisi la majeure DS parce que l&rsquo;\u00e9cologie politique et sociale c&rsquo;est le seul avenir d\u00e9sirable et je veux participer \u00e0 implanter ce mod\u00e8le.\u00a0\u00bb<\/p>\n<\/blockquote>\n\n\n\n<p><strong>Qu\u2019est-ce qui vous pla\u00eet le plus ?<\/strong><\/p>\n\n\n\n<blockquote class=\"wp-block-quote is-layout-flow wp-block-quote-is-layout-flow\">\n<p>\u201cCette majeure correspond \u00e0 mes valeurs et visions du monde (la d\u00e9croissance).\u201d<\/p>\n<\/blockquote>\n\n\n\n<p><strong>Qu\u2019est-ce que cette formation vous a apport\u00e9 ?<\/strong><\/p>\n\n\n\n<blockquote class=\"wp-block-quote is-layout-flow wp-block-quote-is-layout-flow\">\n<p>\u201cCette formation m&rsquo;a permis de me familiariser avec la gestion de projet et de creuser les d\u00e9bats de mani\u00e8re critique.\u201d<\/p>\n<\/blockquote>\n\n\n\n<hr class=\"wp-block-separator has-text-color has-css-opacity has-background is-style-wide\" style=\"background-color:#e6e6e6;color:#e6e6e6\"\/>\n\n\n\n<div style=\"height:30px\" aria-hidden=\"true\" class=\"wp-block-spacer\"><\/div>\n\n\n\n<p><\/p>\n","protected":false},"excerpt":{"rendered":"<p>La majeure PES vue par ses ambassadeur.ice.s Retrouvez encore plus de t\u00e9moignages sur le compte instagram de la classe. Quelques m\u00e9moires et rapports d&rsquo;expertise Josselin Catarina, rapport d&rsquo;expertise pour une association de chantiers nature \u00ab Dans le cadre de ma recherche, j\u2019ai eu l\u2019opportunit\u00e9 d\u2019\u00e9crire pour l\u2019association \u00ab Les Blongios \u00bb un rapport d\u2019expertise. L\u2019association [&hellip;]<\/p>\n","protected":false},"author":1,"featured_media":0,"parent":0,"menu_order":0,"comment_status":"closed","ping_status":"closed","template":"","meta":{"_seopress_robots_primary_cat":"","_seopress_titles_title":"","_seopress_titles_desc":"","_seopress_robots_index":"","ocean_post_layout":"","ocean_both_sidebars_style":"","ocean_both_sidebars_content_width":0,"ocean_both_sidebars_sidebars_width":0,"ocean_sidebar":"0","ocean_second_sidebar":"0","ocean_disable_margins":"enable","ocean_add_body_class":"","ocean_shortcode_before_top_bar":"","ocean_shortcode_after_top_bar":"","ocean_shortcode_before_header":"","ocean_shortcode_after_header":"","ocean_has_shortcode":"","ocean_shortcode_after_title":"","ocean_shortcode_before_footer_widgets":"","ocean_shortcode_after_footer_widgets":"","ocean_shortcode_before_footer_bottom":"","ocean_shortcode_after_footer_bottom":"","ocean_display_top_bar":"default","ocean_display_header":"default","ocean_header_style":"","ocean_center_header_left_menu":"0","ocean_custom_header_template":"0","ocean_custom_logo":0,"ocean_custom_retina_logo":0,"ocean_custom_logo_max_width":0,"ocean_custom_logo_tablet_max_width":0,"ocean_custom_logo_mobile_max_width":0,"ocean_custom_logo_max_height":0,"ocean_custom_logo_tablet_max_height":0,"ocean_custom_logo_mobile_max_height":0,"ocean_header_custom_menu":"0","ocean_menu_typo_font_family":"0","ocean_menu_typo_font_subset":"","ocean_menu_typo_font_size":0,"ocean_menu_typo_font_size_tablet":0,"ocean_menu_typo_font_size_mobile":0,"ocean_menu_typo_font_size_unit":"px","ocean_menu_typo_font_weight":"","ocean_menu_typo_font_weight_tablet":"","ocean_menu_typo_font_weight_mobile":"","ocean_menu_typo_transform":"","ocean_menu_typo_transform_tablet":"","ocean_menu_typo_transform_mobile":"","ocean_menu_typo_line_height":0,"ocean_menu_typo_line_height_tablet":0,"ocean_menu_typo_line_height_mobile":0,"ocean_menu_typo_line_height_unit":"","ocean_menu_typo_spacing":0,"ocean_menu_typo_spacing_tablet":0,"ocean_menu_typo_spacing_mobile":0,"ocean_menu_typo_spacing_unit":"","ocean_menu_link_color":"","ocean_menu_link_color_hover":"","ocean_menu_link_color_active":"","ocean_menu_link_background":"","ocean_menu_link_hover_background":"","ocean_menu_link_active_background":"","ocean_menu_social_links_bg":"","ocean_menu_social_hover_links_bg":"","ocean_menu_social_links_color":"","ocean_menu_social_hover_links_color":"","ocean_disable_title":"default","ocean_disable_heading":"default","ocean_post_title":"","ocean_post_subheading":"","ocean_post_title_style":"","ocean_post_title_background_color":"","ocean_post_title_background":0,"ocean_post_title_bg_image_position":"","ocean_post_title_bg_image_attachment":"","ocean_post_title_bg_image_repeat":"","ocean_post_title_bg_image_size":"","ocean_post_title_height":0,"ocean_post_title_bg_overlay":0.5,"ocean_post_title_bg_overlay_color":"","ocean_disable_breadcrumbs":"default","ocean_breadcrumbs_color":"","ocean_breadcrumbs_separator_color":"","ocean_breadcrumbs_links_color":"","ocean_breadcrumbs_links_hover_color":"","ocean_display_footer_widgets":"default","ocean_display_footer_bottom":"default","ocean_custom_footer_template":"0","footnotes":""},"class_list":["post-70","page","type-page","status-publish","hentry","entry"],"_links":{"self":[{"href":"https:\/\/pes.sciencespo-lille.eu\/index.php\/wp-json\/wp\/v2\/pages\/70","targetHints":{"allow":["GET"]}}],"collection":[{"href":"https:\/\/pes.sciencespo-lille.eu\/index.php\/wp-json\/wp\/v2\/pages"}],"about":[{"href":"https:\/\/pes.sciencespo-lille.eu\/index.php\/wp-json\/wp\/v2\/types\/page"}],"author":[{"embeddable":true,"href":"https:\/\/pes.sciencespo-lille.eu\/index.php\/wp-json\/wp\/v2\/users\/1"}],"replies":[{"embeddable":true,"href":"https:\/\/pes.sciencespo-lille.eu\/index.php\/wp-json\/wp\/v2\/comments?post=70"}],"version-history":[{"count":16,"href":"https:\/\/pes.sciencespo-lille.eu\/index.php\/wp-json\/wp\/v2\/pages\/70\/revisions"}],"predecessor-version":[{"id":670,"href":"https:\/\/pes.sciencespo-lille.eu\/index.php\/wp-json\/wp\/v2\/pages\/70\/revisions\/670"}],"wp:attachment":[{"href":"https:\/\/pes.sciencespo-lille.eu\/index.php\/wp-json\/wp\/v2\/media?parent=70"}],"curies":[{"name":"wp","href":"https:\/\/api.w.org\/{rel}","templated":true}]}}